{"id":21784,"date":"2025-04-29T18:59:08","date_gmt":"2025-04-29T21:59:08","guid":{"rendered":"https:\/\/italcam.com.br\/comitati-cojur-regolamento-interno\/"},"modified":"2025-05-15T13:48:42","modified_gmt":"2025-05-15T16:48:42","slug":"comitati-cojur-regolamento-interno","status":"publish","type":"page","link":"https:\/\/italcam.com.br\/it\/comitati-cojur-regolamento-interno\/","title":{"rendered":"Comitati &#8211; COJUR &#8211; Regolamento interno"},"content":{"rendered":"\t\t<div data-elementor-type=\"wp-post\" data-elementor-id=\"21784\" class=\"elementor elementor-21784 elementor-1001\" data-elementor-settings=\"{&quot;element_pack_global_tooltip_width&quot;:{&quot;unit&quot;:&quot;px&quot;,&quot;size&quot;:&quot;&quot;,&quot;sizes&quot;:[]},&quot;element_pack_global_tooltip_width_tablet&quot;:{&quot;unit&quot;:&quot;px&quot;,&quot;size&quot;:&quot;&quot;,&quot;sizes&quot;:[]},&quot;element_pack_global_tooltip_width_mobile&quot;:{&quot;unit&quot;:&quot;px&quot;,&quot;size&quot;:&quot;&quot;,&quot;sizes&quot;:[]},&quot;element_pack_global_tooltip_padding&quot;:{&quot;unit&quot;:&quot;px&quot;,&quot;top&quot;:&quot;&quot;,&quot;right&quot;:&quot;&quot;,&quot;bottom&quot;:&quot;&quot;,&quot;left&quot;:&quot;&quot;,&quot;isLinked&quot;:true},&quot;element_pack_global_tooltip_padding_tablet&quot;:{&quot;unit&quot;:&quot;px&quot;,&quot;top&quot;:&quot;&quot;,&quot;right&quot;:&quot;&quot;,&quot;bottom&quot;:&quot;&quot;,&quot;left&quot;:&quot;&quot;,&quot;isLinked&quot;:true},&quot;element_pack_global_tooltip_padding_mobile&quot;:{&quot;unit&quot;:&quot;px&quot;,&quot;top&quot;:&quot;&quot;,&quot;right&quot;:&quot;&quot;,&quot;bottom&quot;:&quot;&quot;,&quot;left&quot;:&quot;&quot;,&quot;isLinked&quot;:true},&quot;element_pack_global_tooltip_border_radius&quot;:{&quot;unit&quot;:&quot;px&quot;,&quot;top&quot;:&quot;&quot;,&quot;right&quot;:&quot;&quot;,&quot;bottom&quot;:&quot;&quot;,&quot;left&quot;:&quot;&quot;,&quot;isLinked&quot;:true},&quot;element_pack_global_tooltip_border_radius_tablet&quot;:{&quot;unit&quot;:&quot;px&quot;,&quot;top&quot;:&quot;&quot;,&quot;right&quot;:&quot;&quot;,&quot;bottom&quot;:&quot;&quot;,&quot;left&quot;:&quot;&quot;,&quot;isLinked&quot;:true},&quot;element_pack_global_tooltip_border_radius_mobile&quot;:{&quot;unit&quot;:&quot;px&quot;,&quot;top&quot;:&quot;&quot;,&quot;right&quot;:&quot;&quot;,&quot;bottom&quot;:&quot;&quot;,&quot;left&quot;:&quot;&quot;,&quot;isLinked&quot;:true}}\" data-elementor-post-type=\"page\">\n\t\t\t\t\t\t<section class=\"elementor-section elementor-top-section elementor-element elementor-element-2a67433 elementor-section-boxed elementor-section-height-default elementor-section-height-default\" data-id=\"2a67433\" data-element_type=\"section\">\n\t\t\t\t\t\t<div class=\"elementor-container elementor-column-gap-default\">\n\t\t\t\t\t<div class=\"elementor-column elementor-col-100 elementor-top-column elementor-element elementor-element-8543640\" data-id=\"8543640\" data-element_type=\"column\">\n\t\t\t<div class=\"elementor-widget-wrap elementor-element-populated\">\n\t\t\t\t\t\t<div class=\"elementor-element elementor-element-c1067cd elementor-invisible elementor-widget elementor-widget-heading\" data-id=\"c1067cd\" data-element_type=\"widget\" data-settings=\"{&quot;_animation&quot;:&quot;fadeInUp&quot;}\" data-widget_type=\"heading.default\">\n\t\t\t\t<div class=\"elementor-widget-container\">\n\t\t\t\t\t<h2 class=\"elementor-heading-title elementor-size-default\">Comitato legale - Regolamento interno<\/h2>\t\t\t\t<\/div>\n\t\t\t\t<\/div>\n\t\t\t\t<div class=\"elementor-element elementor-element-d3b7354 elementor-invisible elementor-widget elementor-widget-text-editor\" data-id=\"d3b7354\" data-element_type=\"widget\" data-settings=\"{&quot;_animation&quot;:&quot;fadeInUp&quot;,&quot;_animation_delay&quot;:100}\" data-widget_type=\"text-editor.default\">\n\t\t\t\t<div class=\"elementor-widget-container\">\n\t\t\t\t\t\t\t\t\t<p><strong>CAPITOLO I &#8211; DENOMINAZIONE, DURATA E SEDE LEGALE<\/strong><br><br>Articolo 1 &#8211; Il COMITATO LEGALE \u00e8 un organo tecnico della Camera di Commercio, Industria e Agricoltura Italo-Brasiliana (di seguito la &#8220;CAMERA&#8221;), con durata indeterminata e sede presso i locali della CAMERA, la cui costituzione \u00e8 prevista dall&#8217;articolo 24, lettera &#8220;B&#8221;, punto &#8220;e&#8221; dello Statuto, e il cui funzionamento deve essere conforme alle disposizioni dello Statuto e del presente Regolamento (di seguito il &#8220;Regolamento&#8221;).<br><br>\u00a7 Paragrafo 1 &#8211; Il presente Regolamento \u00e8 stato approvato dal Consiglio di Amministrazione di CAMERA nella riunione del 26 settembre 2002 e ogni modifica deve essere approvata dal suddetto organo.<br><br>\u00a7 Paragrafo 2 &#8211; Il COMITATO LEGALE deve attenersi alle decisioni e alle direttive della Presidenza, del Consiglio Direttivo e del Consiglio di Amministrazione della CAMERA.<br><br><strong>CAPITOLO II &#8211; OBIETTIVI E COMPETENZE<\/strong><br><br>Articolo 2 &#8211; Il COMITATO GIURIDICO ha lo scopo di promuovere lo scambio di conoscenze, informazioni ed esperienze in materia giuridica, di organizzare conferenze, congressi, seminari, eventi e incontri, aperti ai suoi membri, agli Associati CAMERA e a terzi, al fine di incoraggiare e promuovere il miglioramento e l&#8217;espansione della conoscenza giuridica, sia a livello nazionale che internazionale, e di preparare e diffondere opuscoli e altre pubblicazioni a contenuto giuridico.<br><br>\u00a7 Paragrafo 1 &#8211; Per adempiere ai suoi scopi, il COMITATO LEGALE pu\u00f2:  <br><br>a) Organizzare e tenere conferenze, seminari, simposi, lezioni, corsi e altri eventi che trattino questioni legali di interesse per i Soci di CAMERA;  <br><br>b) Realizzare accordi con istituzioni affini, sia a livello nazionale che internazionale, con l&#8217;obiettivo di collaborare e scambiare informazioni;  <br><br>c) diffondere informazioni legali e correlate, sotto forma di banche dati o attraverso riviste e pubblicazioni, per scopi esclusivamente culturali e istituzionali di CAMERA;  <br><br>d) incoraggiare studi, ricerche e iniziative nel campo del diritto.  <br><br>\u00a7 Paragrafo 2 &#8211; Il COMITATO LEGALE fornisce anche consulenza legale al Presidente, al Consiglio Direttivo e al Consiglio di Amministrazione di CAMARA su questioni legali di natura istituzionale e altre di interesse per CAMARA. Tuttavia, \u00e8 vietato occuparsi di questioni formulate direttamente dai Soci su questioni di interesse privato per loro o per terzi.<br><br><strong>CAPITOLO III &#8211; I SOCI, I LORO DIRITTI E DOVERI<\/strong><br><br>Articolo 3 &#8211; Il COMITATO LEGALE \u00e8 composto esclusivamente da avvocati, studi legali &#8211; che saranno rappresentati da un avvocato regolarmente iscritto all&#8217;OAB, laureati in giurisprudenza o societ\u00e0 che nominano un avvocato per rappresentarli, tutti Soci di CAMERA, e il Presidente del COMITATO LEGALE pu\u00f2 invitare non Soci, che non avranno diritto di voto.  <br><br>Articolo 4 &#8211; L&#8217;ammissione dei soci \u00e8 subordinata all&#8217;approvazione del Consiglio Direttivo del COMITATO LEGALE, a maggioranza dei suoi membri, dopo aver esaminato la proposta presentata per iscritto dal richiedente o da uno qualsiasi dei membri del Consiglio Direttivo.  <br><br>Articolo 5 &#8211; I diritti dei membri sono:  <br><br>a) Partecipare alle riunioni del COMITATO LEGALE, esercitando il diritto di voto sulle questioni che lo riguardano;<br><br>b) votare ed essere votati;<br><br>c) Partecipare ai gruppi di lavoro, ai comitati e alle riunioni e presentare problemi, proposte e altri suggerimenti;  <br><br>d) Presentare suggerimenti o reclami per iscritto al Consiglio di Amministrazione del COMITATO LEGALE.  <br><br>Articolo 6 &#8211; I compiti dei membri sono:  <br><br>a) Osservare rigorosamente le regole e i regolamenti del COMITATO LEGALE;  <br><br>b) Garantire il prestigio e la crescita del COMITATO LEGALE;  <br><br>c) Contribuire allo sviluppo e al miglioramento istituzionale del COMITATO LEGALE e della CAMERA stessa;  <br><br>d) Partecipare alle riunioni a cui sono convocati o, in caso di assenza, giustificarla in anticipo al COMITATO LEGALE;  <br><br>e) esercitare con zelo e dedizione le cariche per le quali sono stati eletti;  <br><br>f) Comunicare per iscritto eventuali dimissioni o assenze dalle riunioni del COMITATO LEGALE per un periodo superiore a 3 (tre) mesi.  <br><br>Comma unico &#8211; Per diventare e rimanere membri del COMITATO LEGALE, i membri devono essere in regola con gli obblighi nei confronti della CAMERA, ad eccezione delle persone nominate dal Presidente del COMITATO LEGALE, come previsto dall&#8217;articolo 3 del presente Regolamento.  <br><br>Articolo 7 &#8211; I membri del COMITATO LEGALE, con una decisione presa a maggioranza di due terzi (2\/3) dei membri e a scrutinio segreto, possono decidere di escludere un membro che:  <br><br>a) Si impegna in qualsiasi attivit\u00e0 considerata dannosa per il COMITATO LEGALE e\/o la CAMERA;  <br><br>b) Praticare atti che portino discredito al COMITATO LEGALE e\/o alla CAMERA;  <br><br>c) Manca ripetutamente di adempiere agli obblighi assunti con il COMITATO LEGALE o causa danni a quest&#8217;ultimo;  <br><br>d) Rimanere senza contatti con il COMITATO LEGALE per pi\u00f9 di 6 (sei) mesi, a meno che non vi sia un motivo giustificato.  <br><br><strong>CAPITOLO IV &#8211; AMMINISTRAZIONE<\/strong> <br><br>Articolo 8 &#8211; Il COMITATO LEGALE \u00e8 gestito da un Consiglio di Amministrazione composto dalle seguenti cariche:  <br><br>a) Presidente;<br><br>b) Due (2) Vicepresidenti, di cui uno \u00e8 il 1\u00b0 Vicepresidente e l&#8217;altro il 2\u00b0 Vicepresidente. Vicepresidente;<br><br>c) Segretario.  <br><br>Comma unico &#8211; Il Presidente della CAMERA \u00e8 membro permanente del Consiglio del COMITATO GIURIDICO, senza diritto di voto, tranne che per le questioni che possono coinvolgere gli interessi della CAMERA, e pu\u00f2 essere sostituito in caso di assenza o impedimento dal suo sostituto legale.  <br><br>Articolo 9 &#8211; Il Presidente, il 1\u00b0 Vicepresidente, il 2\u00b0 Vicepresidente e il Segretario sono eletti dalla maggioranza dei membri del COMITATO LEGALE per un periodo di tre (3) anni, coincidente con quello del Consiglio di Amministrazione di CAMERA, e restano in carica fino al giuramento dei loro successori, con possibilit\u00e0 di rielezione.  <br><br>Articolo 10 &#8211; In caso di impedimento permanente o di dimissioni di uno o pi\u00f9 membri del Consiglio di Amministrazione, il membro gerarchicamente superiore rimasto o, in caso di impedimento permanente o di dimissioni di tutti i membri, il Presidente della CAMERA, convocher\u00e0 una riunione straordinaria del COMITATO LEGALE per eleggere il\/i sostituto\/i.<br><br>Articolo 11 &#8211; I membri del Consiglio Direttivo hanno le seguenti competenze:<br><br>a) Presidente:  <br><br>I. Rappresentare il COMITATO LEGALE di fronte a terzi;<br><br>II. Convocazione e presidenza delle riunioni; <br><br>III. Apprezzare suggerimenti o reclami da parte dei membri del COMITATO LEGALE; <br><br>IV. Promuovere l&#8217;avvicinamento e le relazioni del COMITATO GIURIDICO con associazioni nazionali e internazionali simili.   <br><br>b) Vicepresidenti:  <br><br>I. Sostituisce il Presidente e il Segretario in caso di loro assenza o impedimento temporaneo;  <br><br>II. Collaborare con il Presidente nei suoi compiti; <br><br>III. Promuovere le relazioni e lo scambio di informazioni con i Comitati giuridici e le organizzazioni analoghe delle altre Camere di Commercio e di EUROCHAMBRAS; <br><br>IV. Organizzare incontri, seminari, dibattiti e altri eventi su questioni attinenti all&#8217;oggetto sociale del COMITATO LEGALE, riferendo al suo Presidente; <br><br>V. Presentare proposte per l&#8217;ammissione di qualsiasi parte interessata al COMITATO LEGALE, trasmettendole al Presidente di tale organo.<br><br>c) Segretario:  <br><br>I. Segreteria delle riunioni e verbalizzazione;<br><br>II. Redigere una relazione annuale sulle attivit\u00e0 del COMITATO LEGALE, o quando richiesto dal Presidente; <br><br>III. Sostituire il Presidente e i Vicepresidenti nelle riunioni del COMITATO GIURIDICO, in caso di loro contemporanea assenza o impedimento temporaneo; <br><br>IV. Organizzare e mantenere gli archivi del COMITATO LEGALE. <br><br>\u00a7 Paragrafo 1 &#8211; Spetta al Presidente della CAMERA, in qualit\u00e0 di membro permanente del Consiglio del COMITATO LEGALE, monitorare le attivit\u00e0 di tale organo.<br><br>\u00a7 Paragrafo 2 Il Consiglio del COMITATO LEGALE pu\u00f2 avvalersi di consulenti esterni per questioni specifiche.<br><br><strong>CAPITOLO V &#8211; RIUNIONI<\/strong> <br><br>Articolo 12 &#8211; Le riunioni del COMITATO LEGALE si tengono :  <br><br>a) su base ordinaria, una volta al trimestre;  <br><br>b) in via straordinaria, ogni qualvolta sia necessario, su convocazione del suo Presidente o su richiesta di almeno il 30% (trenta per cento) dei suoi membri.<br><br>\u00a7 Paragrafo 1 &#8211; Le riunioni sono convocate tramite e-mail, da inviare ai membri almeno 10 (dieci) giorni prima della data fissata per la riunione.<br><br>\u00a7 Paragrafo 2 &#8211; L&#8217;avviso di convocazione deve contenere la data, l&#8217;ora, il luogo e l&#8217;ordine del giorno dell&#8217;assemblea.<br><br>\u00a7 Paragrafo 3 &#8211; Gli argomenti da trattare nelle assemblee possono essere proposti alla riunione precedente da qualsiasi membro e la loro inclusione nell&#8217;ordine del giorno deve essere approvata dalla maggioranza dei membri presenti, ad eccezione della prima riunione di ogni mandato del Consiglio di Amministrazione, quando gli argomenti da trattare saranno indicati dal Presidente facente funzioni del COMITATO LEGALE.  <br><br>Articolo 13 &#8211; Le riunioni del COMITATO LEGALE sono convocate in prima convocazione con la presenza della met\u00e0 pi\u00f9 uno dei membri e in seconda convocazione con qualsiasi numero.  <br><br>Paragrafo unico &#8211; Le decisioni vengono prese a maggioranza semplice dei presenti.<br><br>Articolo 14 &#8211; I soci che non possono partecipare a una riunione devono notificare e giustificare la loro assenza per iscritto al Segretario almeno cinque (5) giorni prima della data della riunione.<br><br>Paragrafo unico &#8211; Un membro che manchi a tre (3) riunioni debitamente convocate nell&#8217;arco di un (1) anno, senza previa giustificazione, sar\u00e0 automaticamente sospeso dalle attivit\u00e0 del COMITATO LEGALE per un periodo di un (1) anno dall&#8217;ultima assenza.  <br><br><strong>CAPITOLO VI &#8211; DISPOSIZIONI GENERALI  <\/strong><br><br>Articolo 15 &#8211; Al COMITATO LEGALE \u00e8 vietata qualsiasi manifestazione di carattere religioso, razziale o partitico, nonch\u00e9 qualsiasi altra che non sia in relazione con i suoi scopi.<\/p>\t\t\t\t\t\t\t\t<\/div>\n\t\t\t\t<\/div>\n\t\t\t\t\t<\/div>\n\t\t<\/div>\n\t\t\t\t\t<\/div>\n\t\t<\/section>\n\t\t\t\t<section class=\"elementor-section elementor-top-section elementor-element elementor-element-5162abc9 elementor-section-full_width elementor-section-height-default elementor-section-height-default\" data-id=\"5162abc9\" data-element_type=\"section\">\n\t\t\t\t\t\t<div class=\"elementor-container elementor-column-gap-default\">\n\t\t\t\t\t<div class=\"elementor-column elementor-col-100 elementor-top-column elementor-element elementor-element-48b29389\" data-id=\"48b29389\" data-element_type=\"column\" data-settings=\"{&quot;background_background&quot;:&quot;classic&quot;}\">\n\t\t\t<div class=\"elementor-widget-wrap elementor-element-populated\">\n\t\t\t\t\t<div class=\"elementor-background-overlay\"><\/div>\n\t\t\t\t\t\t<div class=\"elementor-element elementor-element-3f7e3388 elementor-invisible elementor-widget elementor-widget-heading\" data-id=\"3f7e3388\" data-element_type=\"widget\" data-settings=\"{&quot;_animation&quot;:&quot;fadeInDown&quot;,&quot;_animation_delay&quot;:&quot;400&quot;}\" data-widget_type=\"heading.default\">\n\t\t\t\t<div class=\"elementor-widget-container\">\n\t\t\t\t\t<h3 class=\"elementor-heading-title elementor-size-default\">Partecipa alla conversazione<\/h3>\t\t\t\t<\/div>\n\t\t\t\t<\/div>\n\t\t\t\t<div class=\"elementor-element elementor-element-5e2c65a elementor-widget-mobile__width-inherit elementor-invisible elementor-widget elementor-widget-text-editor\" data-id=\"5e2c65a\" data-element_type=\"widget\" data-settings=\"{&quot;_animation&quot;:&quot;fadeInDown&quot;,&quot;_animation_delay&quot;:450}\" data-widget_type=\"text-editor.default\">\n\t\t\t\t<div class=\"elementor-widget-container\">\n\t\t\t\t\t\t\t\t\t<p>Iscriviti alla nostra newsletter e rimani aggiornato su ci\u00f2 che accade nella comunit\u00e0 imprenditoriale italo-brasiliana.<\/p>\t\t\t\t\t\t\t\t<\/div>\n\t\t\t\t<\/div>\n\t\t\t\t<div class=\"elementor-element elementor-element-c647ea0 elementor-widget__width-initial elementor-widget-mobile__width-initial ui-e-submit-align-stretch elementor-widget elementor-widget-uicore-newsletter\" data-id=\"c647ea0\" data-element_type=\"widget\" data-widget_type=\"uicore-newsletter.default\">\n\t\t\t\t<div class=\"elementor-widget-container\">\n\t\t\t\t\t\n\t\t<form class=\"ui-e-form\" method=\"post\" name=\"Newsletter\">\n\n            <input type=\"hidden\" name=\"widget_id\" value=\"c647ea0\"\/>\n            <input type=\"hidden\" name=\"widget_type\" value=\"newsletter\">\n\n\t\t\t<div class=\"ui-e-fields-wrp\">\n\n                                    <div class=\"ui-e-field-type-text ui-e-field-group elementor-column elementor-col-40\">\n                                                <input type=\"text\" size=\"1\" name=\"form_fields[name]\" id=\"form-fields-name\" class=\"ui-e-field \" placeholder=\"Il tuo nome\">\n                    <\/div>\n                \n                <div class=\"ui-e-field-type-text ui-e-field-group elementor-column elementor-col-40\">\n                                        <input type=\"text\" size=\"1\" name=\"form_fields[email]\" id=\"form-fields-email\" class=\"ui-e-field \" placeholder=\"Il tuo indirizzo e-mail\">\n                <\/div>\n\n                                    <div class=\"ui-e-field-type-address ui-e-field-group elementor-column ui-e-field-type-address ui-e-field-group elementor-column\">\n                        <label for=\"form-field-address\" class=\"ui-e-label\">\n                            Address                        <\/label>\n                        <input class=\"ui-e-field ui-e-h-p\" name=\"ui-e-h-p\" id=\"ui-e-h-p\" tabindex=\"-1\" autocomplete=\"off\">\n                    <\/div>\n                \n\t\t\t\t<div class=\"ui-e-field-group elementor-column ui-e-field-type-submit elementor-col-20 e-form__buttons\">\n\t\t\t\t\t<button type=\"submit\" class=\"elementor-button\">\n\t\t\t\t\t\t<span >\n\t\t\t\t\t\t\t\t\t\t\t\t\t\t\t<span class=\"\">\n\t\t\t\t\t\t\t\t\t\t\t\t\t\t\t\t\t\t\t\t\t\t\t\t\t\t<\/span>\n\t\t\t\t\t\t\t\t\t\t\t\t\t\t\t\t\t\t\t\t\t\t<span class=\"ui-e-text\">Iscriviti alla newsletter<\/span>\n\t\t\t\t\t\t\t\t\t\t\t\t\t<\/span>\n\t\t\t\t\t<\/button>\n\t\t\t\t<\/div>\n\n                                    <div class=\"ui-e-field-type-recaptcha ui-e-field-group elementor-column elementor-col-100 ui-e-field-type-recaptcha ui-e-field-group elementor-column elementor-col-100\">\n                        <input type=\"hidden\" name=\"recaptcha\">\n                                                    <div id=\"ui-e-recaptcha-c647ea0\"><\/div>\n                                            <\/div>\n                \n\t\t\t<\/div>\n\n            <div class=\"ui-e-message \">\n                           <\/div>\n\t\t<\/form>\n\t\t\t\t\t\t<\/div>\n\t\t\t\t<\/div>\n\t\t\t\t\t<\/div>\n\t\t<\/div>\n\t\t\t\t\t<\/div>\n\t\t<\/section>\n\t\t\t\t<\/div>\n\t\t","protected":false},"excerpt":{"rendered":"<p>Comitato legale &#8211; Regolamento interno CAPITOLO I &#8211; DENOMINAZIONE, DURATA E SEDE LEGALE Articolo 1 &#8211; Il COMITATO LEGALE \u00e8 un organo [&hellip;]<\/p>\n","protected":false},"author":1,"featured_media":0,"parent":0,"menu_order":0,"comment_status":"closed","ping_status":"closed","template":"","meta":{"footnotes":""},"class_list":["post-21784","page","type-page","status-publish","hentry"],"_links":{"self":[{"href":"https:\/\/italcam.com.br\/it\/wp-json\/wp\/v2\/pages\/21784","targetHints":{"allow":["GET"]}}],"collection":[{"href":"https:\/\/italcam.com.br\/it\/wp-json\/wp\/v2\/pages"}],"about":[{"href":"https:\/\/italcam.com.br\/it\/wp-json\/wp\/v2\/types\/page"}],"author":[{"embeddable":true,"href":"https:\/\/italcam.com.br\/it\/wp-json\/wp\/v2\/users\/1"}],"replies":[{"embeddable":true,"href":"https:\/\/italcam.com.br\/it\/wp-json\/wp\/v2\/comments?post=21784"}],"version-history":[{"count":1,"href":"https:\/\/italcam.com.br\/it\/wp-json\/wp\/v2\/pages\/21784\/revisions"}],"predecessor-version":[{"id":21786,"href":"https:\/\/italcam.com.br\/it\/wp-json\/wp\/v2\/pages\/21784\/revisions\/21786"}],"wp:attachment":[{"href":"https:\/\/italcam.com.br\/it\/wp-json\/wp\/v2\/media?parent=21784"}],"curies":[{"name":"wp","href":"https:\/\/api.w.org\/{rel}","templated":true}]}}