{"id":21726,"date":"2025-05-02T17:40:11","date_gmt":"2025-05-02T20:40:11","guid":{"rendered":"https:\/\/italcam.com.br\/servizi-cv\/"},"modified":"2025-05-15T13:17:59","modified_gmt":"2025-05-15T16:17:59","slug":"servizi-cv","status":"publish","type":"page","link":"https:\/\/italcam.com.br\/it\/servizi-cv\/","title":{"rendered":"Servizi &#8211; CV"},"content":{"rendered":"\t\t<div data-elementor-type=\"wp-post\" data-elementor-id=\"21726\" class=\"elementor elementor-21726 elementor-1402\" data-elementor-settings=\"{&quot;element_pack_global_tooltip_width&quot;:{&quot;unit&quot;:&quot;px&quot;,&quot;size&quot;:&quot;&quot;,&quot;sizes&quot;:[]},&quot;element_pack_global_tooltip_width_tablet&quot;:{&quot;unit&quot;:&quot;px&quot;,&quot;size&quot;:&quot;&quot;,&quot;sizes&quot;:[]},&quot;element_pack_global_tooltip_width_mobile&quot;:{&quot;unit&quot;:&quot;px&quot;,&quot;size&quot;:&quot;&quot;,&quot;sizes&quot;:[]},&quot;element_pack_global_tooltip_padding&quot;:{&quot;unit&quot;:&quot;px&quot;,&quot;top&quot;:&quot;&quot;,&quot;right&quot;:&quot;&quot;,&quot;bottom&quot;:&quot;&quot;,&quot;left&quot;:&quot;&quot;,&quot;isLinked&quot;:true},&quot;element_pack_global_tooltip_padding_tablet&quot;:{&quot;unit&quot;:&quot;px&quot;,&quot;top&quot;:&quot;&quot;,&quot;right&quot;:&quot;&quot;,&quot;bottom&quot;:&quot;&quot;,&quot;left&quot;:&quot;&quot;,&quot;isLinked&quot;:true},&quot;element_pack_global_tooltip_padding_mobile&quot;:{&quot;unit&quot;:&quot;px&quot;,&quot;top&quot;:&quot;&quot;,&quot;right&quot;:&quot;&quot;,&quot;bottom&quot;:&quot;&quot;,&quot;left&quot;:&quot;&quot;,&quot;isLinked&quot;:true},&quot;element_pack_global_tooltip_border_radius&quot;:{&quot;unit&quot;:&quot;px&quot;,&quot;top&quot;:&quot;&quot;,&quot;right&quot;:&quot;&quot;,&quot;bottom&quot;:&quot;&quot;,&quot;left&quot;:&quot;&quot;,&quot;isLinked&quot;:true},&quot;element_pack_global_tooltip_border_radius_tablet&quot;:{&quot;unit&quot;:&quot;px&quot;,&quot;top&quot;:&quot;&quot;,&quot;right&quot;:&quot;&quot;,&quot;bottom&quot;:&quot;&quot;,&quot;left&quot;:&quot;&quot;,&quot;isLinked&quot;:true},&quot;element_pack_global_tooltip_border_radius_mobile&quot;:{&quot;unit&quot;:&quot;px&quot;,&quot;top&quot;:&quot;&quot;,&quot;right&quot;:&quot;&quot;,&quot;bottom&quot;:&quot;&quot;,&quot;left&quot;:&quot;&quot;,&quot;isLinked&quot;:true}}\" data-elementor-post-type=\"page\">\n\t\t\t\t\t\t<section class=\"elementor-section elementor-top-section elementor-element elementor-element-2a67433 elementor-section-boxed elementor-section-height-default elementor-section-height-default\" data-id=\"2a67433\" data-element_type=\"section\">\n\t\t\t\t\t\t<div class=\"elementor-container elementor-column-gap-default\">\n\t\t\t\t\t<div class=\"elementor-column elementor-col-100 elementor-top-column elementor-element elementor-element-8543640\" data-id=\"8543640\" data-element_type=\"column\">\n\t\t\t<div class=\"elementor-widget-wrap elementor-element-populated\">\n\t\t\t\t\t\t<div class=\"elementor-element elementor-element-c1067cd elementor-invisible elementor-widget elementor-widget-heading\" data-id=\"c1067cd\" data-element_type=\"widget\" data-settings=\"{&quot;_animation&quot;:&quot;fadeInUp&quot;}\" data-widget_type=\"heading.default\">\n\t\t\t\t<div class=\"elementor-widget-container\">\n\t\t\t\t\t<h2 class=\"elementor-heading-title elementor-size-default\">Curriculum  <\/h2>\t\t\t\t<\/div>\n\t\t\t\t<\/div>\n\t\t\t\t<div class=\"elementor-element elementor-element-d3b7354 elementor-invisible elementor-widget elementor-widget-text-editor\" data-id=\"d3b7354\" data-element_type=\"widget\" data-settings=\"{&quot;_animation&quot;:&quot;fadeInUp&quot;,&quot;_animation_delay&quot;:100}\" data-widget_type=\"text-editor.default\">\n\t\t\t\t<div class=\"elementor-widget-container\">\n\t\t\t\t\t\t\t\t\t<p>ITALCAM riserva aree dedicate alla pubblicazione di annunci di lavoro sul proprio sito web e sulla rivista Affari Neg\u00f3cios, rappresentando una grande opportunit\u00e0 per tutti coloro che desiderano ottenere maggiore visibilit\u00e0 per i propri annunci di lavoro.<\/p><p>Il portale ITALCAM \u00e8 visitato da un gran numero di utenti ogni mese. Tra i suoi visitatori ci sono aziende brasiliane e italiane, cacciatori di teste, manager, professionisti, persone giuridiche legate al commercio estero, i loro associati, le Camere di Commercio e i Centri per il Commercio Estero delle Regioni italiane e le associazioni di mercato dei pi\u00f9 diversi settori dell&#8217;industria e del commercio.<\/p>\t\t\t\t\t\t\t\t<\/div>\n\t\t\t\t<\/div>\n\t\t\t\t<div class=\"elementor-element elementor-element-e30b6c5 elementor-widget elementor-widget-button\" data-id=\"e30b6c5\" data-element_type=\"widget\" data-widget_type=\"button.default\">\n\t\t\t\t<div class=\"elementor-widget-container\">\n\t\t\t\t\t\t\t\t\t<div class=\"elementor-button-wrapper\">\n\t\t\t\t\t<a class=\"elementor-button elementor-button-link elementor-size-sm\" href=\"https:\/\/italcam.com.br\/servicos-boletim-candidatos\/\">\n\t\t\t\t\t\t<span class=\"elementor-button-content-wrapper\">\n\t\t\t\t\t\t\t\t\t<span class=\"elementor-button-text\">VEDI I CANDIDATI QUI<\/span>\n\t\t\t\t\t<\/span>\n\t\t\t\t\t<\/a>\n\t\t\t\t<\/div>\n\t\t\t\t\t\t\t\t<\/div>\n\t\t\t\t<\/div>\n\t\t\t\t<div class=\"elementor-element elementor-element-383bf76 elementor-invisible elementor-widget elementor-widget-heading\" data-id=\"383bf76\" data-element_type=\"widget\" data-settings=\"{&quot;_animation&quot;:&quot;fadeInUp&quot;}\" data-widget_type=\"heading.default\">\n\t\t\t\t<div class=\"elementor-widget-container\">\n\t\t\t\t\t<h2 class=\"elementor-heading-title elementor-size-default\">Come fare pubblicit\u00e0<\/h2>\t\t\t\t<\/div>\n\t\t\t\t<\/div>\n\t\t\t\t<div class=\"elementor-element elementor-element-e53698f elementor-widget__width-initial elementor-invisible elementor-widget elementor-widget-text-editor\" data-id=\"e53698f\" data-element_type=\"widget\" data-settings=\"{&quot;_animation&quot;:&quot;fadeInUp&quot;,&quot;_animation_delay&quot;:100}\" data-widget_type=\"text-editor.default\">\n\t\t\t\t<div class=\"elementor-widget-container\">\n\t\t\t\t\t\t\t\t\t<p><strong>Come pubblicizzare il tuo CV sulla nostra rivista Affari e sul nostro sito web www.italcam.com.br<\/strong><\/p><ul class=\"wp-block-list\"><li>Il testo deve contenere un massimo di 120 parole. La rivista si riserva il diritto di modificare il testo inviato.  <\/li><li>I dati pubblicati sono: il tuo nome, numero di telefono e\/o indirizzo e-mail, la posizione che stai cercando e un breve riassunto delle tue qualifiche. I dati di contatto possono essere riservati se segnalati dal candidato.<\/li><li>L&#8217;annuncio pu\u00f2 essere realizzato in portoghese, italiano o inglese, in base al testo originale inviato dal candidato.<\/li><li>L&#8217;annuncio sar\u00e0 disponibile sul nostro sito web <a href=\"http:\/\/www.italcam.com.br\/\">www.italcam.com.br<\/a> per tre mesi dalla data di pubblicazione dell&#8217;edizione trimestrale della rivista Affari;<\/li><li>Il costo \u00e8 di 50,00 R$, da versare al Banco Bradesco, Agenzia: 3381, Conto Corrente: 6142-5, Nominale della Camera di Commercio, Industria e Agricoltura Italo-Brasiliana, CNPJ 61.011.607\/0001-61.<\/li><li>L&#8217;annuncio e la prova di pagamento devono essere inviati insieme al seguente indirizzo e-mail: <a href=\"mailto:marketing.institucional@italcam.com.br\">financeiro.italcam@italcam.com.br<\/a><\/li><li>L&#8217;annuncio deve essere inviato insieme al CV completo;<\/li><li>Tutte le inserzioni pubblicate sulla nostra rivista rimangono nel nostro database, in modo da poter essere consultate anche dopo il periodo di diffusione della rivista.<\/li><\/ul><p>Affari \u00e8 una rivista trimestrale con una tiratura di 4.000 copie distribuite per il 75% in Brasile e America Latina e per il 25% in Italia. Il suo pubblico di riferimento \u00e8 costituito da aziende brasiliane o a capitale italiano; top manager e liberi professionisti; enti legati al commercio estero; tutte le Camere di Commercio e tutti i loro membri; i Consolati e gli Agenti Consolari italiani in Brasile; gli Addetti o le Sezioni Commerciali delle Ambasciate e dei Consolati Generali italiani nel Mercosur e nei principali paesi dell&#8217;America Latina; le Camere di Commercio e i Centri per il Commercio Estero delle regioni italiane e le Associazioni di Marketing dei pi\u00f9 diversi settori dell&#8217;Industria e del Commercio.<\/p><p>Il nostro sito web ha pi\u00f9 di 15.000 visitatori al mese<a href=\"http:\/\/www.italcam.com.br\/\">(www.italcam.com.br)<\/a>.<\/p><p>Per maggiori informazioni, contatta: <a href=\"mailto:associados@italcam.com.br\">associados@italcam.com.br<\/a><\/p>\t\t\t\t\t\t\t\t<\/div>\n\t\t\t\t<\/div>\n\t\t\t\t\t<\/div>\n\t\t<\/div>\n\t\t\t\t\t<\/div>\n\t\t<\/section>\n\t\t\t\t<section class=\"elementor-section elementor-top-section elementor-element elementor-element-5162abc9 elementor-section-full_width elementor-section-height-default elementor-section-height-default\" data-id=\"5162abc9\" data-element_type=\"section\">\n\t\t\t\t\t\t<div class=\"elementor-container elementor-column-gap-default\">\n\t\t\t\t\t<div class=\"elementor-column elementor-col-100 elementor-top-column elementor-element elementor-element-48b29389\" data-id=\"48b29389\" data-element_type=\"column\" data-settings=\"{&quot;background_background&quot;:&quot;classic&quot;}\">\n\t\t\t<div class=\"elementor-widget-wrap elementor-element-populated\">\n\t\t\t\t\t<div class=\"elementor-background-overlay\"><\/div>\n\t\t\t\t\t\t<div class=\"elementor-element elementor-element-3f7e3388 elementor-invisible elementor-widget elementor-widget-heading\" data-id=\"3f7e3388\" data-element_type=\"widget\" data-settings=\"{&quot;_animation&quot;:&quot;fadeInDown&quot;,&quot;_animation_delay&quot;:&quot;400&quot;}\" data-widget_type=\"heading.default\">\n\t\t\t\t<div class=\"elementor-widget-container\">\n\t\t\t\t\t<h3 class=\"elementor-heading-title elementor-size-default\">Partecipa alla conversazione<\/h3>\t\t\t\t<\/div>\n\t\t\t\t<\/div>\n\t\t\t\t<div class=\"elementor-element elementor-element-5e2c65a elementor-widget-mobile__width-inherit elementor-invisible elementor-widget elementor-widget-text-editor\" data-id=\"5e2c65a\" data-element_type=\"widget\" data-settings=\"{&quot;_animation&quot;:&quot;fadeInDown&quot;,&quot;_animation_delay&quot;:450}\" data-widget_type=\"text-editor.default\">\n\t\t\t\t<div class=\"elementor-widget-container\">\n\t\t\t\t\t\t\t\t\t<p>Iscriviti alla nostra newsletter e rimani aggiornato su ci\u00f2 che accade nella comunit\u00e0 imprenditoriale italo-brasiliana.<\/p>\t\t\t\t\t\t\t\t<\/div>\n\t\t\t\t<\/div>\n\t\t\t\t<div class=\"elementor-element elementor-element-c647ea0 elementor-widget__width-initial elementor-widget-mobile__width-initial ui-e-submit-align-stretch elementor-widget elementor-widget-uicore-newsletter\" data-id=\"c647ea0\" data-element_type=\"widget\" data-widget_type=\"uicore-newsletter.default\">\n\t\t\t\t<div class=\"elementor-widget-container\">\n\t\t\t\t\t\n\t\t<form class=\"ui-e-form\" method=\"post\" name=\"Newsletter\">\n\n            <input type=\"hidden\" name=\"widget_id\" value=\"c647ea0\"\/>\n            <input type=\"hidden\" name=\"widget_type\" value=\"newsletter\">\n\n\t\t\t<div class=\"ui-e-fields-wrp\">\n\n                                    <div class=\"ui-e-field-type-text ui-e-field-group elementor-column elementor-col-40\">\n                                                <input type=\"text\" size=\"1\" name=\"form_fields[name]\" id=\"form-fields-name\" class=\"ui-e-field \" placeholder=\"Il tuo nome\">\n                    <\/div>\n                \n                <div class=\"ui-e-field-type-text ui-e-field-group elementor-column elementor-col-40\">\n                                        <input type=\"text\" size=\"1\" name=\"form_fields[email]\" id=\"form-fields-email\" class=\"ui-e-field \" placeholder=\"Il tuo indirizzo e-mail\">\n                <\/div>\n\n                                    <div class=\"ui-e-field-type-address ui-e-field-group elementor-column ui-e-field-type-address ui-e-field-group elementor-column\">\n                        <label for=\"form-field-address\" class=\"ui-e-label\">\n                            Address                        <\/label>\n                        <input class=\"ui-e-field ui-e-h-p\" name=\"ui-e-h-p\" id=\"ui-e-h-p\" tabindex=\"-1\" autocomplete=\"off\">\n                    <\/div>\n                \n\t\t\t\t<div class=\"ui-e-field-group elementor-column ui-e-field-type-submit elementor-col-20 e-form__buttons\">\n\t\t\t\t\t<button type=\"submit\" class=\"elementor-button\">\n\t\t\t\t\t\t<span >\n\t\t\t\t\t\t\t\t\t\t\t\t\t\t\t<span class=\"\">\n\t\t\t\t\t\t\t\t\t\t\t\t\t\t\t\t\t\t\t\t\t\t\t\t\t\t<\/span>\n\t\t\t\t\t\t\t\t\t\t\t\t\t\t\t\t\t\t\t\t\t\t<span class=\"ui-e-text\">Iscriviti alla newsletter<\/span>\n\t\t\t\t\t\t\t\t\t\t\t\t\t<\/span>\n\t\t\t\t\t<\/button>\n\t\t\t\t<\/div>\n\n                                    <div class=\"ui-e-field-type-recaptcha ui-e-field-group elementor-column elementor-col-100 ui-e-field-type-recaptcha ui-e-field-group elementor-column elementor-col-100\">\n                        <input type=\"hidden\" name=\"recaptcha\">\n                                                    <div id=\"ui-e-recaptcha-c647ea0\"><\/div>\n                                            <\/div>\n                \n\t\t\t<\/div>\n\n            <div class=\"ui-e-message \">\n                           <\/div>\n\t\t<\/form>\n\t\t\t\t\t\t<\/div>\n\t\t\t\t<\/div>\n\t\t\t\t\t<\/div>\n\t\t<\/div>\n\t\t\t\t\t<\/div>\n\t\t<\/section>\n\t\t\t\t<\/div>\n\t\t","protected":false},"excerpt":{"rendered":"<p>Curriculum ITALCAM riserva aree dedicate alla pubblicazione di annunci di lavoro sul proprio sito web e sulla rivista Affari Neg\u00f3cios, rappresentando una [&hellip;]<\/p>\n","protected":false},"author":1,"featured_media":0,"parent":0,"menu_order":0,"comment_status":"closed","ping_status":"closed","template":"","meta":{"footnotes":""},"class_list":["post-21726","page","type-page","status-publish","hentry"],"_links":{"self":[{"href":"https:\/\/italcam.com.br\/it\/wp-json\/wp\/v2\/pages\/21726","targetHints":{"allow":["GET"]}}],"collection":[{"href":"https:\/\/italcam.com.br\/it\/wp-json\/wp\/v2\/pages"}],"about":[{"href":"https:\/\/italcam.com.br\/it\/wp-json\/wp\/v2\/types\/page"}],"author":[{"embeddable":true,"href":"https:\/\/italcam.com.br\/it\/wp-json\/wp\/v2\/users\/1"}],"replies":[{"embeddable":true,"href":"https:\/\/italcam.com.br\/it\/wp-json\/wp\/v2\/comments?post=21726"}],"version-history":[{"count":1,"href":"https:\/\/italcam.com.br\/it\/wp-json\/wp\/v2\/pages\/21726\/revisions"}],"predecessor-version":[{"id":21727,"href":"https:\/\/italcam.com.br\/it\/wp-json\/wp\/v2\/pages\/21726\/revisions\/21727"}],"wp:attachment":[{"href":"https:\/\/italcam.com.br\/it\/wp-json\/wp\/v2\/media?parent=21726"}],"curies":[{"name":"wp","href":"https:\/\/api.w.org\/{rel}","templated":true}]}}