{"id":21721,"date":"2025-05-02T18:03:57","date_gmt":"2025-05-02T21:03:57","guid":{"rendered":"https:\/\/italcam.com.br\/servizi-bollettino-candidati\/"},"modified":"2025-05-15T13:17:58","modified_gmt":"2025-05-15T16:17:58","slug":"servizi-bollettino-candidati","status":"publish","type":"page","link":"https:\/\/italcam.com.br\/it\/servizi-bollettino-candidati\/","title":{"rendered":"Servizi &#8211; Bollettino &#8211; Candidati"},"content":{"rendered":"\t\t<div data-elementor-type=\"wp-post\" data-elementor-id=\"21721\" class=\"elementor elementor-21721 elementor-1413\" data-elementor-settings=\"{&quot;element_pack_global_tooltip_width&quot;:{&quot;unit&quot;:&quot;px&quot;,&quot;size&quot;:&quot;&quot;,&quot;sizes&quot;:[]},&quot;element_pack_global_tooltip_width_tablet&quot;:{&quot;unit&quot;:&quot;px&quot;,&quot;size&quot;:&quot;&quot;,&quot;sizes&quot;:[]},&quot;element_pack_global_tooltip_width_mobile&quot;:{&quot;unit&quot;:&quot;px&quot;,&quot;size&quot;:&quot;&quot;,&quot;sizes&quot;:[]},&quot;element_pack_global_tooltip_padding&quot;:{&quot;unit&quot;:&quot;px&quot;,&quot;top&quot;:&quot;&quot;,&quot;right&quot;:&quot;&quot;,&quot;bottom&quot;:&quot;&quot;,&quot;left&quot;:&quot;&quot;,&quot;isLinked&quot;:true},&quot;element_pack_global_tooltip_padding_tablet&quot;:{&quot;unit&quot;:&quot;px&quot;,&quot;top&quot;:&quot;&quot;,&quot;right&quot;:&quot;&quot;,&quot;bottom&quot;:&quot;&quot;,&quot;left&quot;:&quot;&quot;,&quot;isLinked&quot;:true},&quot;element_pack_global_tooltip_padding_mobile&quot;:{&quot;unit&quot;:&quot;px&quot;,&quot;top&quot;:&quot;&quot;,&quot;right&quot;:&quot;&quot;,&quot;bottom&quot;:&quot;&quot;,&quot;left&quot;:&quot;&quot;,&quot;isLinked&quot;:true},&quot;element_pack_global_tooltip_border_radius&quot;:{&quot;unit&quot;:&quot;px&quot;,&quot;top&quot;:&quot;&quot;,&quot;right&quot;:&quot;&quot;,&quot;bottom&quot;:&quot;&quot;,&quot;left&quot;:&quot;&quot;,&quot;isLinked&quot;:true},&quot;element_pack_global_tooltip_border_radius_tablet&quot;:{&quot;unit&quot;:&quot;px&quot;,&quot;top&quot;:&quot;&quot;,&quot;right&quot;:&quot;&quot;,&quot;bottom&quot;:&quot;&quot;,&quot;left&quot;:&quot;&quot;,&quot;isLinked&quot;:true},&quot;element_pack_global_tooltip_border_radius_mobile&quot;:{&quot;unit&quot;:&quot;px&quot;,&quot;top&quot;:&quot;&quot;,&quot;right&quot;:&quot;&quot;,&quot;bottom&quot;:&quot;&quot;,&quot;left&quot;:&quot;&quot;,&quot;isLinked&quot;:true}}\" data-elementor-post-type=\"page\">\n\t\t\t\t\t\t<section class=\"elementor-section elementor-top-section elementor-element elementor-element-2a67433 elementor-section-boxed elementor-section-height-default elementor-section-height-default\" data-id=\"2a67433\" data-element_type=\"section\">\n\t\t\t\t\t\t<div class=\"elementor-container elementor-column-gap-default\">\n\t\t\t\t\t<div class=\"elementor-column elementor-col-100 elementor-top-column elementor-element elementor-element-8543640\" data-id=\"8543640\" data-element_type=\"column\">\n\t\t\t<div class=\"elementor-widget-wrap elementor-element-populated\">\n\t\t\t\t\t\t<div class=\"elementor-element elementor-element-c1067cd elementor-invisible elementor-widget elementor-widget-heading\" data-id=\"c1067cd\" data-element_type=\"widget\" data-settings=\"{&quot;_animation&quot;:&quot;fadeInUp&quot;}\" data-widget_type=\"heading.default\">\n\t\t\t\t<div class=\"elementor-widget-container\">\n\t\t\t\t\t<h2 class=\"elementor-heading-title elementor-size-default\">Candidati<\/h2>\t\t\t\t<\/div>\n\t\t\t\t<\/div>\n\t\t\t\t<div class=\"elementor-element elementor-element-d3b7354 elementor-invisible elementor-widget elementor-widget-text-editor\" data-id=\"d3b7354\" data-element_type=\"widget\" data-settings=\"{&quot;_animation&quot;:&quot;fadeInUp&quot;,&quot;_animation_delay&quot;:100}\" data-widget_type=\"text-editor.default\">\n\t\t\t\t<div class=\"elementor-widget-container\">\n\t\t\t\t\t\t\t\t\t<div class=\"content curriculum\"><h3>Mattia Ponzetta<\/h3><p>San Paolo, Brasile &#8211; Milano, Italia<\/p><p>Email: ponzettamattia@gmail.com<\/p><p>Telefono: +55 11 96508-6956<\/p><p>Laureata in Economia e Management Internazionale presso l&#8217;Universit\u00e0 Bocconi. Stage ed esperienze internazionali negli Stati Uniti e in Argentina. Attualmente consulente strategico presso VeroVia.  <\/p><h3>Depolli<\/h3><p>Ingegnere elettrico con un MBA, parla correntemente quattro lingue. Ha lavorato come dirigente in aziende come Siemens e Ford, guidando operazioni strategiche in vari settori e paesi. <\/p><p>Contatto: (11) 96309-8393<\/p><h3>Mauro Ferrandi<\/h3><p>Ingegnere esecutivo che si occupa di progetti industriali, automazione, outsourcing e coordinamento dei lavori.<\/p><p>Email: mauro.ferrandi@uptec.net<\/p><p>Cellulare: (31) 99817-0459<\/p><h3>Simone Galvagno<\/h3><p>26 anni | Italiano<\/p><p>Laureato in Economia e sta completando un Master presso la LUISS. Parla correntemente italiano, inglese e portoghese. Alla ricerca di opportunit\u00e0 nel campo della sostenibilit\u00e0 e del FinTech.  <\/p><p>Email: simonegalvagno23@gmail.com<\/p><p>WhatsApp: +39 3662704613<\/p><h3>Simone Briganti<\/h3><p>Brasiliano | Fluente in italiano<\/p><p>Laureata in Comunicazione Sociale presso la PUC-Campinas. Ha lavorato per 7 anni in Italia. Esperienza in aree commerciali e di marketing.  <\/p><p>Email: sibriganti@uol.com.br<\/p><p>WhatsApp: +55 11 99293-1688<\/p><h3>Bianca Alves<\/h3><p>Imprenditore e professionista commerciale con una carriera in aziende italiane. Fondatore di OMake2Dry. <\/p><p>Email: biancabaccioni@hotmail.com<\/p><h3>Rafael Arnoni Trov\u00f3<\/h3><p>Laurea in Pedagogia e Scienze Biologiche. Esperienza nell&#8217;insegnamento e nella gestione scolastica. <\/p><p>Email: arnon.rafael@gmail.com<\/p><p>Telefoni: (11) 2953-5010 \/ (11) 98178-01568<\/p><h3>Claudinei Monteiro<\/h3><p>Dirigente con 25 anni di esperienza nella ricerca e sviluppo del caff\u00e8. Ha lavorato con Nestl\u00e9, Grupo 3cora\u00e7\u00f5es, Evoca Group e altri. <\/p><p>Email: br.claudinei@gmail.com<\/p><p>Telefono: (11) 98992-2290<\/p><p>LinkedIn: linkedin.com\/in\/claudineimonteiro\/<\/p><h3>Alberto Convertino<\/h3><p>Consulente italiano con 30 anni di esperienza in Brasile. Si occupa di sviluppo commerciale e dell&#8217;ingresso di aziende italiane nel mercato brasiliano. <\/p><p>Email: alberto.convertino@terra.com.br<\/p><p>Telefono: (11) 98266-9288<\/p><p>LinkedIn: linkedin.com\/in\/alberto-convertino-09699a61\/<\/p><h3>Vanessa Bulara<\/h3><p>Avvocato con cittadinanza italiana, specializzato in fiscalit\u00e0 dell&#8217;economia digitale. Fornisce consulenza legale e tiene conferenze. <\/p><p>Email: vanessabulara@gmail.com<\/p><p>LinkedIn: linkedin.com\/in\/vanessa-bulara-b3176423<\/p><p>CV Lattes: http:\/\/lattes.cnpq.br\/2525803102758026<\/p><h3>Piero Manucci<\/h3><p>Italiana con residenza permanente in Brasile. Professionista con un ampio background culturale e dirigenziale. Alla ricerca di opportunit\u00e0 nella gestione o nella consulenza.  <\/p><p>Email: piero.manucci@gmail.com<\/p><p>Telefono: +55 (19) 98448-0388<\/p><h3>Mauro Augusto Righetti Marcolino<\/h3><p>Amministratore con una qualifica post-laurea in Project Management. Parla correntemente portoghese, inglese e italiano. Cittadino italiano.  <\/p><p>Email: mauro_marcolino@hotmail.com<\/p><p>Telefono: +55 (11) 99973-3787<\/p><h3>Liandra Zago<\/h3><p>Manager commerciale con oltre 15 anni di esperienza nel settore della tecnologia e dei beni di consumo. Parla correntemente l&#8217;italiano e altre lingue. <\/p><p>Email: liandrazaggo@gmail.com<\/p><h3>Richeli Sisto<\/h3><p>Consulente e assistente personale con una vasta esperienza multiculturale. Si occupa di esigenze amministrative e personali. <\/p><p>WhatsApp: (11) 98447-2333<\/p><p>Email: richelisisto@yahoo.com.br<\/p><p>LinkedIn: https:\/\/www.linkedin.com\/in\/richeli-sisto\/<\/p><h3>Armando Rebechi<\/h3><p>Dirigente finanziario con oltre 25 anni di esperienza in grandi aziende europee e brasiliane.<\/p><p>Email: rebechi.armando@gmail.com<\/p><p>Telefono: +55 11 97366-2104<\/p><h3>Pierluigi Paci<\/h3><p>Consulente per l&#8217;internazionalizzazione con ufficio in Italia. Si occupa di contabilit\u00e0, mediazione e strategie Brasile-Italia. <\/p><p>Email: paci@consultingitalia.org<\/p><p>Tel: (+39) 3442703485 &#8211; (+39) 0721\/580431<\/p><h3>Lilian Santiago<\/h3><p>Professionista brasiliana in Italia. Si occupa di servizi amministrativi, contabili e di intermediazione commerciale. <\/p><p>Email: liliansantti@hotmail.com<\/p><p>Tel: +55 71 8151-6492 (WhatsApp) | +39 3519341412<\/p><h3>Julio Cesar Athie Don\u00e0<\/h3><p>Ingegnere italo-brasiliano con esperienza in supply chain, logistica e consulenza.<\/p><p>Email: jcadona@gmail.com<\/p><p>Cellulare: +39 371 370 3531<\/p><p>LinkedIn: https:\/\/www.linkedin.com\/in\/julio-cesar-athie-don%C3%A0-930514199\/<\/p><h3>Nicola Armellini<\/h3><p>Dirigente di marketing con esperienza in Ferrero, Danone, Pepsico, tra gli altri.<\/p><p>Email: nicolaarmellini9@gmail.com<\/p><p>Tel: 11 95866-3896<\/p><p>LinkedIn: www.linkedin.com\/in\/nicola-armellini<\/p><h3>Mariana Zampier<\/h3><p>Brasiliana con esperienza amministrativa e di importazione in aziende italiane.<\/p><p>Email: leaozampier@gmail.com<\/p><p>Tel: +55 11 96468-2830<\/p><p>LinkedIn: https:\/\/www.linkedin.com\/in\/marianaleaozampier\/<\/p><h3>Amanda Mesa Costa Lima<\/h3><p>18 anni | Brasiliana e italiana. Parla correntemente portoghese, inglese e italiano. In cerca del suo primo lavoro.  <\/p><p>Email: amandamclima@uol.com.br<\/p><p>Tel: +55 (11) 99869-1717<\/p><h3>Mattia Bordon<\/h3><p>Laurea in Economia e Finanza. Master in Politiche Pubbliche. Esperienza nella ricerca e nella consulenza. Parla correntemente tre lingue.   <\/p><p>Email: bordonmattia@gmail.com<\/p><p>Tel: +55 11 97012-6630<\/p><\/div>\t\t\t\t\t\t\t\t<\/div>\n\t\t\t\t<\/div>\n\t\t\t\t\t<\/div>\n\t\t<\/div>\n\t\t\t\t\t<\/div>\n\t\t<\/section>\n\t\t\t\t<section class=\"elementor-section elementor-top-section elementor-element elementor-element-5162abc9 elementor-section-full_width elementor-section-height-default elementor-section-height-default\" data-id=\"5162abc9\" data-element_type=\"section\">\n\t\t\t\t\t\t<div class=\"elementor-container elementor-column-gap-default\">\n\t\t\t\t\t<div class=\"elementor-column elementor-col-100 elementor-top-column elementor-element elementor-element-48b29389\" data-id=\"48b29389\" data-element_type=\"column\" data-settings=\"{&quot;background_background&quot;:&quot;classic&quot;}\">\n\t\t\t<div class=\"elementor-widget-wrap elementor-element-populated\">\n\t\t\t\t\t<div class=\"elementor-background-overlay\"><\/div>\n\t\t\t\t\t\t<div class=\"elementor-element elementor-element-3f7e3388 elementor-invisible elementor-widget elementor-widget-heading\" data-id=\"3f7e3388\" data-element_type=\"widget\" data-settings=\"{&quot;_animation&quot;:&quot;fadeInDown&quot;,&quot;_animation_delay&quot;:&quot;400&quot;}\" data-widget_type=\"heading.default\">\n\t\t\t\t<div class=\"elementor-widget-container\">\n\t\t\t\t\t<h3 class=\"elementor-heading-title elementor-size-default\">Partecipa alla conversazione<\/h3>\t\t\t\t<\/div>\n\t\t\t\t<\/div>\n\t\t\t\t<div class=\"elementor-element elementor-element-5e2c65a elementor-widget-mobile__width-inherit elementor-invisible elementor-widget elementor-widget-text-editor\" data-id=\"5e2c65a\" data-element_type=\"widget\" data-settings=\"{&quot;_animation&quot;:&quot;fadeInDown&quot;,&quot;_animation_delay&quot;:450}\" data-widget_type=\"text-editor.default\">\n\t\t\t\t<div class=\"elementor-widget-container\">\n\t\t\t\t\t\t\t\t\t<p>Iscriviti alla nostra newsletter e rimani aggiornato su ci\u00f2 che accade nella comunit\u00e0 imprenditoriale italo-brasiliana.<\/p>\t\t\t\t\t\t\t\t<\/div>\n\t\t\t\t<\/div>\n\t\t\t\t<div class=\"elementor-element elementor-element-c647ea0 elementor-widget__width-initial elementor-widget-mobile__width-initial ui-e-submit-align-stretch elementor-widget elementor-widget-uicore-newsletter\" data-id=\"c647ea0\" data-element_type=\"widget\" data-widget_type=\"uicore-newsletter.default\">\n\t\t\t\t<div class=\"elementor-widget-container\">\n\t\t\t\t\t\n\t\t<form class=\"ui-e-form\" method=\"post\" name=\"Newsletter\">\n\n            <input type=\"hidden\" name=\"widget_id\" value=\"c647ea0\"\/>\n            <input type=\"hidden\" name=\"widget_type\" value=\"newsletter\">\n\n\t\t\t<div class=\"ui-e-fields-wrp\">\n\n                                    <div class=\"ui-e-field-type-text ui-e-field-group elementor-column elementor-col-40\">\n                                                <input type=\"text\" size=\"1\" name=\"form_fields[name]\" id=\"form-fields-name\" class=\"ui-e-field \" placeholder=\"Il tuo nome\">\n                    <\/div>\n                \n                <div class=\"ui-e-field-type-text ui-e-field-group elementor-column elementor-col-40\">\n                                        <input type=\"text\" size=\"1\" name=\"form_fields[email]\" id=\"form-fields-email\" class=\"ui-e-field \" placeholder=\"Il tuo indirizzo e-mail\">\n                <\/div>\n\n                                    <div class=\"ui-e-field-type-address ui-e-field-group elementor-column ui-e-field-type-address ui-e-field-group elementor-column\">\n                        <label for=\"form-field-address\" class=\"ui-e-label\">\n                            Address                        <\/label>\n                        <input class=\"ui-e-field ui-e-h-p\" name=\"ui-e-h-p\" id=\"ui-e-h-p\" tabindex=\"-1\" autocomplete=\"off\">\n                    <\/div>\n                \n\t\t\t\t<div class=\"ui-e-field-group elementor-column ui-e-field-type-submit elementor-col-20 e-form__buttons\">\n\t\t\t\t\t<button type=\"submit\" class=\"elementor-button\">\n\t\t\t\t\t\t<span >\n\t\t\t\t\t\t\t\t\t\t\t\t\t\t\t<span class=\"\">\n\t\t\t\t\t\t\t\t\t\t\t\t\t\t\t\t\t\t\t\t\t\t\t\t\t\t<\/span>\n\t\t\t\t\t\t\t\t\t\t\t\t\t\t\t\t\t\t\t\t\t\t<span class=\"ui-e-text\">Iscriviti alla newsletter<\/span>\n\t\t\t\t\t\t\t\t\t\t\t\t\t<\/span>\n\t\t\t\t\t<\/button>\n\t\t\t\t<\/div>\n\n                                    <div class=\"ui-e-field-type-recaptcha ui-e-field-group elementor-column elementor-col-100 ui-e-field-type-recaptcha ui-e-field-group elementor-column elementor-col-100\">\n                        <input type=\"hidden\" name=\"recaptcha\">\n                                                    <div id=\"ui-e-recaptcha-c647ea0\"><\/div>\n                                            <\/div>\n                \n\t\t\t<\/div>\n\n            <div class=\"ui-e-message \">\n                           <\/div>\n\t\t<\/form>\n\t\t\t\t\t\t<\/div>\n\t\t\t\t<\/div>\n\t\t\t\t\t<\/div>\n\t\t<\/div>\n\t\t\t\t\t<\/div>\n\t\t<\/section>\n\t\t\t\t<\/div>\n\t\t","protected":false},"excerpt":{"rendered":"<p>Candidati Mattia Ponzetta San Paolo, Brasile &#8211; Milano, Italia Email: ponzettamattia@gmail.com Telefono: +55 11 96508-6956 Laureata in Economia e Management Internazionale presso [&hellip;]<\/p>\n","protected":false},"author":1,"featured_media":0,"parent":0,"menu_order":0,"comment_status":"closed","ping_status":"closed","template":"","meta":{"footnotes":""},"class_list":["post-21721","page","type-page","status-publish","hentry"],"_links":{"self":[{"href":"https:\/\/italcam.com.br\/it\/wp-json\/wp\/v2\/pages\/21721","targetHints":{"allow":["GET"]}}],"collection":[{"href":"https:\/\/italcam.com.br\/it\/wp-json\/wp\/v2\/pages"}],"about":[{"href":"https:\/\/italcam.com.br\/it\/wp-json\/wp\/v2\/types\/page"}],"author":[{"embeddable":true,"href":"https:\/\/italcam.com.br\/it\/wp-json\/wp\/v2\/users\/1"}],"replies":[{"embeddable":true,"href":"https:\/\/italcam.com.br\/it\/wp-json\/wp\/v2\/comments?post=21721"}],"version-history":[{"count":1,"href":"https:\/\/italcam.com.br\/it\/wp-json\/wp\/v2\/pages\/21721\/revisions"}],"predecessor-version":[{"id":21723,"href":"https:\/\/italcam.com.br\/it\/wp-json\/wp\/v2\/pages\/21721\/revisions\/21723"}],"wp:attachment":[{"href":"https:\/\/italcam.com.br\/it\/wp-json\/wp\/v2\/media?parent=21721"}],"curies":[{"name":"wp","href":"https:\/\/api.w.org\/{rel}","templated":true}]}}