{"id":21703,"date":"2025-05-02T18:50:34","date_gmt":"2025-05-02T21:50:34","guid":{"rendered":"https:\/\/italcam.com.br\/eventi\/"},"modified":"2025-12-19T11:00:57","modified_gmt":"2025-12-19T14:00:57","slug":"eventi-della-camera","status":"publish","type":"page","link":"https:\/\/italcam.com.br\/it\/eventi-della-camera\/","title":{"rendered":"Eventi della Camera"},"content":{"rendered":"\t\t<div data-elementor-type=\"wp-post\" data-elementor-id=\"21703\" class=\"elementor elementor-21703 elementor-1428\" data-elementor-settings=\"{&quot;element_pack_global_tooltip_width&quot;:{&quot;unit&quot;:&quot;px&quot;,&quot;size&quot;:&quot;&quot;,&quot;sizes&quot;:[]},&quot;element_pack_global_tooltip_width_tablet&quot;:{&quot;unit&quot;:&quot;px&quot;,&quot;size&quot;:&quot;&quot;,&quot;sizes&quot;:[]},&quot;element_pack_global_tooltip_width_mobile&quot;:{&quot;unit&quot;:&quot;px&quot;,&quot;size&quot;:&quot;&quot;,&quot;sizes&quot;:[]},&quot;element_pack_global_tooltip_padding&quot;:{&quot;unit&quot;:&quot;px&quot;,&quot;top&quot;:&quot;&quot;,&quot;right&quot;:&quot;&quot;,&quot;bottom&quot;:&quot;&quot;,&quot;left&quot;:&quot;&quot;,&quot;isLinked&quot;:true},&quot;element_pack_global_tooltip_padding_tablet&quot;:{&quot;unit&quot;:&quot;px&quot;,&quot;top&quot;:&quot;&quot;,&quot;right&quot;:&quot;&quot;,&quot;bottom&quot;:&quot;&quot;,&quot;left&quot;:&quot;&quot;,&quot;isLinked&quot;:true},&quot;element_pack_global_tooltip_padding_mobile&quot;:{&quot;unit&quot;:&quot;px&quot;,&quot;top&quot;:&quot;&quot;,&quot;right&quot;:&quot;&quot;,&quot;bottom&quot;:&quot;&quot;,&quot;left&quot;:&quot;&quot;,&quot;isLinked&quot;:true},&quot;element_pack_global_tooltip_border_radius&quot;:{&quot;unit&quot;:&quot;px&quot;,&quot;top&quot;:&quot;&quot;,&quot;right&quot;:&quot;&quot;,&quot;bottom&quot;:&quot;&quot;,&quot;left&quot;:&quot;&quot;,&quot;isLinked&quot;:true},&quot;element_pack_global_tooltip_border_radius_tablet&quot;:{&quot;unit&quot;:&quot;px&quot;,&quot;top&quot;:&quot;&quot;,&quot;right&quot;:&quot;&quot;,&quot;bottom&quot;:&quot;&quot;,&quot;left&quot;:&quot;&quot;,&quot;isLinked&quot;:true},&quot;element_pack_global_tooltip_border_radius_mobile&quot;:{&quot;unit&quot;:&quot;px&quot;,&quot;top&quot;:&quot;&quot;,&quot;right&quot;:&quot;&quot;,&quot;bottom&quot;:&quot;&quot;,&quot;left&quot;:&quot;&quot;,&quot;isLinked&quot;:true}}\" data-elementor-post-type=\"page\">\n\t\t\t\t\t\t<section class=\"elementor-section elementor-top-section elementor-element elementor-element-1d4f723 elementor-section-boxed elementor-section-height-default elementor-section-height-default\" data-id=\"1d4f723\" data-element_type=\"section\">\n\t\t\t\t\t\t<div class=\"elementor-container elementor-column-gap-default\">\n\t\t\t\t\t<div class=\"elementor-column elementor-col-100 elementor-top-column elementor-element elementor-element-3316e133\" data-id=\"3316e133\" data-element_type=\"column\">\n\t\t\t<div class=\"elementor-widget-wrap elementor-element-populated\">\n\t\t\t\t\t\t<div class=\"elementor-element elementor-element-197a455e elementor-invisible elementor-widget elementor-widget-heading\" data-id=\"197a455e\" data-element_type=\"widget\" data-settings=\"{&quot;_animation&quot;:&quot;fadeInUp&quot;}\" data-widget_type=\"heading.default\">\n\t\t\t\t<div class=\"elementor-widget-container\">\n\t\t\t\t\t<h2 class=\"elementor-heading-title elementor-size-default\">Eventi<\/h2>\t\t\t\t<\/div>\n\t\t\t\t<\/div>\n\t\t\t\t<div class=\"elementor-element elementor-element-fc36c6e elementor-widget-divider--view-line elementor-widget elementor-widget-divider\" data-id=\"fc36c6e\" data-element_type=\"widget\" data-widget_type=\"divider.default\">\n\t\t\t\t<div class=\"elementor-widget-container\">\n\t\t\t\t\t\t\t<div class=\"elementor-divider\">\n\t\t\t<span class=\"elementor-divider-separator\">\n\t\t\t\t\t\t<\/span>\n\t\t<\/div>\n\t\t\t\t\t\t<\/div>\n\t\t\t\t<\/div>\n\t\t\t\t<div class=\"elementor-element elementor-element-2850106 bdt-background-overlay-yes elementor-widget elementor-widget-shortcode\" data-id=\"2850106\" data-element_type=\"widget\" data-widget_type=\"shortcode.default\">\n\t\t\t\t<div class=\"elementor-widget-container\">\n\t\t\t\t\t\t\t<div class=\"elementor-shortcode\">\t<div style=\"padding: 1rem;\">\n\t\t<h2 style=\"font-size: 2rem; margin-bottom: 1rem; color: #fff;\">Eventi Passati<\/h2>\n\t\t<div style=\"display: flex; gap: 1rem; overflow-x: auto; padding-bottom: 0.5rem;\">\n\n\t\t\n\t\t<a href=\"https:\/\/italcam.com.br\/it\/event\/federmacchine\/\" style=\"text-decoration: none; min-width: 260px; max-width: 260px; display: flex;\">\n\t\t\t<div style=\"background-color: #fff; border-radius: 10px; overflow: hidden; display: flex; flex-direction: column; width: 100%; box-shadow: 0 2px 8px rgba(0,0,0,0.15);\">\n\n\t\t\t\t<!-- Imagem de capa -->\n\t\t\t\t<div style=\"position: relative; width: 100%; height: 160px; background-color: #052a75; overflow: hidden; flex-shrink: 0;\">\n\t\t\t\t\t\n\t\t\t\t\t<!-- Badge de data (sobreposto \u00e0 imagem) -->\n\t\t\t\t\t<div style=\"position: absolute; top: 0.5rem; left: 0.5rem; background-color: #052a75; color: white; padding: 0.25rem 0.5rem; border-radius: 4px; text-align: center; line-height: 1.2;\">\n\t\t\t\t\t\t<div style=\"font-size: 0.65rem;\">FEB<\/div>\n\t\t\t\t\t\t<strong style=\"font-size: 1.3rem;\">13<\/strong>\n\t\t\t\t\t<\/div>\n\t\t\t\t<\/div>\n\n\t\t\t\t<!-- Conte\u00fado -->\n\t\t\t\t<div style=\"padding: 1rem; display: flex; flex-direction: column; flex: 1;\">\n\t\t\t\t\t<h3 style=\"font-size: 1rem; margin: 0 0 0.5rem; color: #000; line-height: 1.3;\">FEDERMACCHINE<\/h3>\n\t\t\t\t\t<p style=\"margin: 0.3rem 0; font-size: 0.85rem; color: #444;\">\ud83d\uddd3\ufe0f 13\/02\/26 - 13\/02\/26<\/p>\n\t\t\t\t\t<p style=\"margin: 0.3rem 0; font-size: 0.85rem; color: #444;\">\ud83d\udd52 15:00 - 17:00<\/p>\n\t\t\t\t\t<p style=\"margin: 0.3rem 0; font-size: 0.85rem; color: #444;\">Altoparlante:  - Evento faccia a faccia<\/p>\n\n\t\t\t\t\t\t\t\t\t<\/div>\n\n\t\t\t<\/div>\n\t\t<\/a>\n\n\t\t\n\t\t<a href=\"https:\/\/italcam.com.br\/it\/event\/20-festival-del-cinema-italiano-in-brasile\/\" style=\"text-decoration: none; min-width: 260px; max-width: 260px; display: flex;\">\n\t\t\t<div style=\"background-color: #fff; border-radius: 10px; overflow: hidden; display: flex; flex-direction: column; width: 100%; box-shadow: 0 2px 8px rgba(0,0,0,0.15);\">\n\n\t\t\t\t<!-- Imagem de capa -->\n\t\t\t\t<div style=\"position: relative; width: 100%; height: 160px; background-color: #052a75; overflow: hidden; flex-shrink: 0;\">\n\t\t\t\t\t\t\t\t\t\t\t<img\n\t\t\t\t\t\t\tsrc=\"https:\/\/italcam.com.br\/wp-content\/uploads\/2025\/10\/Captura-de-tela-2025-10-22-103752-300x112.jpg\"\n\t\t\t\t\t\t\talt=\"20\u00b0 Festival del Cinema Italiano in Brasile\"\n\t\t\t\t\t\t\tstyle=\"width: 100%; height: 100%; object-fit: cover; display: block;\"\n\t\t\t\t\t\t\/>\n\t\t\t\t\t\n\t\t\t\t\t<!-- Badge de data (sobreposto \u00e0 imagem) -->\n\t\t\t\t\t<div style=\"position: absolute; top: 0.5rem; left: 0.5rem; background-color: #052a75; color: white; padding: 0.25rem 0.5rem; border-radius: 4px; text-align: center; line-height: 1.2;\">\n\t\t\t\t\t\t<div style=\"font-size: 0.65rem;\">NOV<\/div>\n\t\t\t\t\t\t<strong style=\"font-size: 1.3rem;\">29<\/strong>\n\t\t\t\t\t<\/div>\n\t\t\t\t<\/div>\n\n\t\t\t\t<!-- Conte\u00fado -->\n\t\t\t\t<div style=\"padding: 1rem; display: flex; flex-direction: column; flex: 1;\">\n\t\t\t\t\t<h3 style=\"font-size: 1rem; margin: 0 0 0.5rem; color: #000; line-height: 1.3;\">20\u00b0 Festival del Cinema Italiano in Brasile<\/h3>\n\t\t\t\t\t<p style=\"margin: 0.3rem 0; font-size: 0.85rem; color: #444;\">\ud83d\uddd3\ufe0f 28\/10\/25 - 29\/11\/25<\/p>\n\t\t\t\t\t<p style=\"margin: 0.3rem 0; font-size: 0.85rem; color: #444;\">\ud83d\udd52 00:00 - 23:59<\/p>\n\t\t\t\t\t<p style=\"margin: 0.3rem 0; font-size: 0.85rem; color: #444;\">Altoparlante: Italcam - Evento faccia a faccia<\/p>\n\n\t\t\t\t\t\t\t\t\t<\/div>\n\n\t\t\t<\/div>\n\t\t<\/a>\n\n\t\t\n\t\t<a href=\"https:\/\/italcam.com.br\/it\/event\/festa-di-fine-anno-cojur\/\" style=\"text-decoration: none; min-width: 260px; max-width: 260px; display: flex;\">\n\t\t\t<div style=\"background-color: #fff; border-radius: 10px; overflow: hidden; display: flex; flex-direction: column; width: 100%; box-shadow: 0 2px 8px rgba(0,0,0,0.15);\">\n\n\t\t\t\t<!-- Imagem de capa -->\n\t\t\t\t<div style=\"position: relative; width: 100%; height: 160px; background-color: #052a75; overflow: hidden; flex-shrink: 0;\">\n\t\t\t\t\t\t\t\t\t\t\t<img\n\t\t\t\t\t\t\tsrc=\"https:\/\/italcam.com.br\/wp-content\/uploads\/2025\/11\/Imagem-do-WhatsApp-de-2025-11-19-as-17.49.41_edc3671c-240x300.jpg\"\n\t\t\t\t\t\t\talt=\"Festa di fine anno | CoJur\"\n\t\t\t\t\t\t\tstyle=\"width: 100%; height: 100%; object-fit: cover; display: block;\"\n\t\t\t\t\t\t\/>\n\t\t\t\t\t\n\t\t\t\t\t<!-- Badge de data (sobreposto \u00e0 imagem) -->\n\t\t\t\t\t<div style=\"position: absolute; top: 0.5rem; left: 0.5rem; background-color: #052a75; color: white; padding: 0.25rem 0.5rem; border-radius: 4px; text-align: center; line-height: 1.2;\">\n\t\t\t\t\t\t<div style=\"font-size: 0.65rem;\">NOV<\/div>\n\t\t\t\t\t\t<strong style=\"font-size: 1.3rem;\">25<\/strong>\n\t\t\t\t\t<\/div>\n\t\t\t\t<\/div>\n\n\t\t\t\t<!-- Conte\u00fado -->\n\t\t\t\t<div style=\"padding: 1rem; display: flex; flex-direction: column; flex: 1;\">\n\t\t\t\t\t<h3 style=\"font-size: 1rem; margin: 0 0 0.5rem; color: #000; line-height: 1.3;\">Festa di fine anno | CoJur<\/h3>\n\t\t\t\t\t<p style=\"margin: 0.3rem 0; font-size: 0.85rem; color: #444;\">\ud83d\uddd3\ufe0f 25\/11\/25 - 25\/11\/25<\/p>\n\t\t\t\t\t<p style=\"margin: 0.3rem 0; font-size: 0.85rem; color: #444;\">\ud83d\udd52 19:30 - 22:30<\/p>\n\t\t\t\t\t<p style=\"margin: 0.3rem 0; font-size: 0.85rem; color: #444;\">Altoparlante: CoJur - Evento faccia a faccia<\/p>\n\n\t\t\t\t\t\t\t\t\t<\/div>\n\n\t\t\t<\/div>\n\t\t<\/a>\n\n\t\t\n\t\t<a href=\"https:\/\/italcam.com.br\/it\/event\/oltre-la-griglia-la-formula-1-come-specchio-del-business\/\" style=\"text-decoration: none; min-width: 260px; max-width: 260px; display: flex;\">\n\t\t\t<div style=\"background-color: #fff; border-radius: 10px; overflow: hidden; display: flex; flex-direction: column; width: 100%; box-shadow: 0 2px 8px rgba(0,0,0,0.15);\">\n\n\t\t\t\t<!-- Imagem de capa -->\n\t\t\t\t<div style=\"position: relative; width: 100%; height: 160px; background-color: #052a75; overflow: hidden; flex-shrink: 0;\">\n\t\t\t\t\t\t\t\t\t\t\t<img\n\t\t\t\t\t\t\tsrc=\"https:\/\/italcam.com.br\/wp-content\/uploads\/2025\/11\/SaveClip.App_572155255_17898391404325864_3562398728083477412_n-240x300.jpg\"\n\t\t\t\t\t\t\talt=\"Oltre la griglia: la Formula 1 come specchio del business\"\n\t\t\t\t\t\t\tstyle=\"width: 100%; height: 100%; object-fit: cover; display: block;\"\n\t\t\t\t\t\t\/>\n\t\t\t\t\t\n\t\t\t\t\t<!-- Badge de data (sobreposto \u00e0 imagem) -->\n\t\t\t\t\t<div style=\"position: absolute; top: 0.5rem; left: 0.5rem; background-color: #052a75; color: white; padding: 0.25rem 0.5rem; border-radius: 4px; text-align: center; line-height: 1.2;\">\n\t\t\t\t\t\t<div style=\"font-size: 0.65rem;\">NOV<\/div>\n\t\t\t\t\t\t<strong style=\"font-size: 1.3rem;\">13<\/strong>\n\t\t\t\t\t<\/div>\n\t\t\t\t<\/div>\n\n\t\t\t\t<!-- Conte\u00fado -->\n\t\t\t\t<div style=\"padding: 1rem; display: flex; flex-direction: column; flex: 1;\">\n\t\t\t\t\t<h3 style=\"font-size: 1rem; margin: 0 0 0.5rem; color: #000; line-height: 1.3;\">Oltre la griglia: la Formula 1 come specchio del business<\/h3>\n\t\t\t\t\t<p style=\"margin: 0.3rem 0; font-size: 0.85rem; color: #444;\">\ud83d\uddd3\ufe0f 13\/11\/25 - 13\/11\/25<\/p>\n\t\t\t\t\t<p style=\"margin: 0.3rem 0; font-size: 0.85rem; color: #444;\">\ud83d\udd52 17:00 - 20:00<\/p>\n\t\t\t\t\t<p style=\"margin: 0.3rem 0; font-size: 0.85rem; color: #444;\">Altoparlante: Rete Giovane - Evento faccia a faccia<\/p>\n\n\t\t\t\t\t\t\t\t\t<\/div>\n\n\t\t\t<\/div>\n\t\t<\/a>\n\n\t\t\n\t\t<a href=\"https:\/\/italcam.com.br\/it\/event\/trasferimento-internazionale-di-dati-personali-tra-brasile-e-italia\/\" style=\"text-decoration: none; min-width: 260px; max-width: 260px; display: flex;\">\n\t\t\t<div style=\"background-color: #fff; border-radius: 10px; overflow: hidden; display: flex; flex-direction: column; width: 100%; box-shadow: 0 2px 8px rgba(0,0,0,0.15);\">\n\n\t\t\t\t<!-- Imagem de capa -->\n\t\t\t\t<div style=\"position: relative; width: 100%; height: 160px; background-color: #052a75; overflow: hidden; flex-shrink: 0;\">\n\t\t\t\t\t\t\t\t\t\t\t<img\n\t\t\t\t\t\t\tsrc=\"https:\/\/italcam.com.br\/wp-content\/uploads\/2025\/11\/Transferimento-COJUR-240x300.png\"\n\t\t\t\t\t\t\talt=\"Trasferimento internazionale di dati personali tra Brasile e Italia\"\n\t\t\t\t\t\t\tstyle=\"width: 100%; height: 100%; object-fit: cover; display: block;\"\n\t\t\t\t\t\t\/>\n\t\t\t\t\t\n\t\t\t\t\t<!-- Badge de data (sobreposto \u00e0 imagem) -->\n\t\t\t\t\t<div style=\"position: absolute; top: 0.5rem; left: 0.5rem; background-color: #052a75; color: white; padding: 0.25rem 0.5rem; border-radius: 4px; text-align: center; line-height: 1.2;\">\n\t\t\t\t\t\t<div style=\"font-size: 0.65rem;\">NOV<\/div>\n\t\t\t\t\t\t<strong style=\"font-size: 1.3rem;\">10<\/strong>\n\t\t\t\t\t<\/div>\n\t\t\t\t<\/div>\n\n\t\t\t\t<!-- Conte\u00fado -->\n\t\t\t\t<div style=\"padding: 1rem; display: flex; flex-direction: column; flex: 1;\">\n\t\t\t\t\t<h3 style=\"font-size: 1rem; margin: 0 0 0.5rem; color: #000; line-height: 1.3;\">Trasferimento internazionale di dati personali tra Brasile e Italia<\/h3>\n\t\t\t\t\t<p style=\"margin: 0.3rem 0; font-size: 0.85rem; color: #444;\">\ud83d\uddd3\ufe0f 10\/11\/25 - 10\/11\/25<\/p>\n\t\t\t\t\t<p style=\"margin: 0.3rem 0; font-size: 0.85rem; color: #444;\">\ud83d\udd52 11:00 - 13:00<\/p>\n\t\t\t\t\t<p style=\"margin: 0.3rem 0; font-size: 0.85rem; color: #444;\">Altoparlante: CoJur - Evento online via Zoom<\/p>\n\n\t\t\t\t\t\t\t\t\t<\/div>\n\n\t\t\t<\/div>\n\t\t<\/a>\n\n\t\t\n\t\t<\/div>\n\t<\/div>\n\t<\/div>\n\t\t\t\t\t\t<\/div>\n\t\t\t\t<\/div>\n\t\t\t\t\t<\/div>\n\t\t<\/div>\n\t\t\t\t\t<\/div>\n\t\t<\/section>\n\t\t\t\t<section class=\"elementor-section elementor-top-section elementor-element elementor-element-34556f1 elementor-section-full_width elementor-section-height-default elementor-section-height-default\" data-id=\"34556f1\" data-element_type=\"section\">\n\t\t\t\t\t\t<div class=\"elementor-container elementor-column-gap-default\">\n\t\t\t\t\t<div class=\"elementor-column elementor-col-100 elementor-top-column elementor-element elementor-element-ab66375\" data-id=\"ab66375\" data-element_type=\"column\" data-settings=\"{&quot;background_background&quot;:&quot;classic&quot;}\">\n\t\t\t<div class=\"elementor-widget-wrap elementor-element-populated\">\n\t\t\t\t\t<div class=\"elementor-background-overlay\"><\/div>\n\t\t\t\t\t\t<div class=\"elementor-element elementor-element-96a93a1 elementor-invisible elementor-widget elementor-widget-heading\" data-id=\"96a93a1\" data-element_type=\"widget\" data-settings=\"{&quot;_animation&quot;:&quot;fadeInDown&quot;,&quot;_animation_delay&quot;:&quot;400&quot;}\" data-widget_type=\"heading.default\">\n\t\t\t\t<div class=\"elementor-widget-container\">\n\t\t\t\t\t<h3 class=\"elementor-heading-title elementor-size-default\">Iscriviti alla nostra newsletter e rimani aggiornato su ci\u00f2 che accade nella comunit\u00e0 imprenditoriale italo-brasiliana.<\/h3>\t\t\t\t<\/div>\n\t\t\t\t<\/div>\n\t\t\t\t<div class=\"elementor-element elementor-element-993ddd4 elementor-widget__width-initial elementor-widget-mobile__width-initial ui-e-submit-align-stretch elementor-widget elementor-widget-uicore-newsletter\" data-id=\"993ddd4\" data-element_type=\"widget\" data-widget_type=\"uicore-newsletter.default\">\n\t\t\t\t<div class=\"elementor-widget-container\">\n\t\t\t\t\t\n\t\t<form class=\"ui-e-form\" method=\"post\" name=\"Newsletter\">\n\n            <input type=\"hidden\" name=\"widget_id\" value=\"993ddd4\"\/>\n            <input type=\"hidden\" name=\"widget_type\" value=\"newsletter\">\n\n\t\t\t<div class=\"ui-e-fields-wrp\">\n\n                                    <div class=\"ui-e-field-type-text ui-e-field-group elementor-column elementor-col-40\">\n                                                <input type=\"text\" size=\"1\" name=\"form_fields[name]\" id=\"form-fields-name\" class=\"ui-e-field \" placeholder=\"Il tuo nome\">\n                    <\/div>\n                \n                <div class=\"ui-e-field-type-text ui-e-field-group elementor-column elementor-col-40\">\n                                        <input type=\"text\" size=\"1\" name=\"form_fields[email]\" id=\"form-fields-email\" class=\"ui-e-field \" placeholder=\"Il tuo indirizzo e-mail\">\n                <\/div>\n\n                                    <div class=\"ui-e-field-type-address ui-e-field-group elementor-column ui-e-field-type-address ui-e-field-group elementor-column\">\n                        <label for=\"form-field-address\" class=\"ui-e-label\">\n                            Address                        <\/label>\n                        <input class=\"ui-e-field ui-e-h-p\" name=\"ui-e-h-p\" id=\"ui-e-h-p\" tabindex=\"-1\" autocomplete=\"off\">\n                    <\/div>\n                \n\t\t\t\t<div class=\"ui-e-field-group elementor-column ui-e-field-type-submit elementor-col-20 e-form__buttons\">\n\t\t\t\t\t<button type=\"submit\" class=\"elementor-button\">\n\t\t\t\t\t\t<span >\n\t\t\t\t\t\t\t\t\t\t\t\t\t\t\t<span class=\"\">\n\t\t\t\t\t\t\t\t\t\t\t\t\t\t\t\t\t\t\t\t\t\t\t\t\t\t<\/span>\n\t\t\t\t\t\t\t\t\t\t\t\t\t\t\t\t\t\t\t\t\t\t<span class=\"ui-e-text\">Iscriviti alla newsletter<\/span>\n\t\t\t\t\t\t\t\t\t\t\t\t\t<\/span>\n\t\t\t\t\t<\/button>\n\t\t\t\t<\/div>\n\n                                    <div class=\"ui-e-field-type-recaptcha ui-e-field-group elementor-column elementor-col-100 ui-e-field-type-recaptcha ui-e-field-group elementor-column elementor-col-100\">\n                        <input type=\"hidden\" name=\"recaptcha\">\n                                                    <div id=\"ui-e-recaptcha-993ddd4\"><\/div>\n                                            <\/div>\n                \n\t\t\t<\/div>\n\n            <div class=\"ui-e-message \">\n                           <\/div>\n\t\t<\/form>\n\t\t\t\t\t\t<\/div>\n\t\t\t\t<\/div>\n\t\t\t\t\t<\/div>\n\t\t<\/div>\n\t\t\t\t\t<\/div>\n\t\t<\/section>\n\t\t\t\t<\/div>\n\t\t","protected":false},"excerpt":{"rendered":"<p>Eventi Iscriviti alla nostra newsletter e rimani aggiornato su ci\u00f2 che accade nella comunit\u00e0 imprenditoriale italo-brasiliana. Endere\u00e7o Iscriviti alla newsletter<\/p>\n","protected":false},"author":1,"featured_media":0,"parent":0,"menu_order":0,"comment_status":"closed","ping_status":"closed","template":"","meta":{"footnotes":""},"class_list":["post-21703","page","type-page","status-publish","hentry","cat_evento-online-via-zoom-it"],"_links":{"self":[{"href":"https:\/\/italcam.com.br\/it\/wp-json\/wp\/v2\/pages\/21703","targetHints":{"allow":["GET"]}}],"collection":[{"href":"https:\/\/italcam.com.br\/it\/wp-json\/wp\/v2\/pages"}],"about":[{"href":"https:\/\/italcam.com.br\/it\/wp-json\/wp\/v2\/types\/page"}],"author":[{"embeddable":true,"href":"https:\/\/italcam.com.br\/it\/wp-json\/wp\/v2\/users\/1"}],"replies":[{"embeddable":true,"href":"https:\/\/italcam.com.br\/it\/wp-json\/wp\/v2\/comments?post=21703"}],"version-history":[{"count":4,"href":"https:\/\/italcam.com.br\/it\/wp-json\/wp\/v2\/pages\/21703\/revisions"}],"predecessor-version":[{"id":33716,"href":"https:\/\/italcam.com.br\/it\/wp-json\/wp\/v2\/pages\/21703\/revisions\/33716"}],"wp:attachment":[{"href":"https:\/\/italcam.com.br\/it\/wp-json\/wp\/v2\/media?parent=21703"}],"curies":[{"name":"wp","href":"https:\/\/api.w.org\/{rel}","templated":true}]}}